{"id":3853,"date":"2023-01-14T09:56:03","date_gmt":"2023-01-14T08:56:03","guid":{"rendered":"https:\/\/lazarorosaviolan.com\/bio\/"},"modified":"2025-10-01T15:20:53","modified_gmt":"2025-10-01T13:20:53","slug":"bio","status":"publish","type":"page","link":"https:\/\/lazarorosaviolan.com\/es\/bio\/","title":{"rendered":"bio"},"content":{"rendered":"\t\t<div data-elementor-type=\"wp-page\" data-elementor-id=\"3853\" class=\"elementor elementor-3853 elementor-347\" data-elementor-post-type=\"page\">\n\t\t\t\t\t\t<section class=\"elementor-section elementor-top-section elementor-element elementor-element-197f112 elementor-section-full_width elementor-section-height-min-height elementor-section-height-default elementor-section-items-middle\" data-id=\"197f112\" data-element_type=\"section\" data-settings=\"{&quot;jet_parallax_layout_list&quot;:[]}\">\n\t\t\t\t\t\t<div class=\"elementor-container elementor-column-gap-default\">\n\t\t\t\t\t<div class=\"elementor-column elementor-col-33 elementor-top-column elementor-element elementor-element-a06465d\" data-id=\"a06465d\" data-element_type=\"column\" data-settings=\"{&quot;background_background&quot;:&quot;classic&quot;}\">\n\t\t\t<div class=\"elementor-widget-wrap elementor-element-populated\">\n\t\t\t\t\t\t<div class=\"elementor-element elementor-element-f02b0f7 elementor-widget elementor-widget-spacer\" data-id=\"f02b0f7\" data-element_type=\"widget\" data-widget_type=\"spacer.default\">\n\t\t\t\t<div class=\"elementor-widget-container\">\n\t\t\t\t\t\t\t<div class=\"elementor-spacer\">\n\t\t\t<div class=\"elementor-spacer-inner\"><\/div>\n\t\t<\/div>\n\t\t\t\t\t\t<\/div>\n\t\t\t\t<\/div>\n\t\t\t\t\t<\/div>\n\t\t<\/div>\n\t\t\t\t<div class=\"elementor-column elementor-col-33 elementor-top-column elementor-element elementor-element-fc2a600 elementor-hidden-mobile\" data-id=\"fc2a600\" data-element_type=\"column\" data-settings=\"{&quot;background_background&quot;:&quot;classic&quot;}\">\n\t\t\t<div class=\"elementor-widget-wrap elementor-element-populated\">\n\t\t\t\t\t\t<div class=\"elementor-element elementor-element-d366b3b elementor-widget elementor-widget-spacer\" data-id=\"d366b3b\" data-element_type=\"widget\" data-widget_type=\"spacer.default\">\n\t\t\t\t<div class=\"elementor-widget-container\">\n\t\t\t\t\t\t\t<div class=\"elementor-spacer\">\n\t\t\t<div class=\"elementor-spacer-inner\"><\/div>\n\t\t<\/div>\n\t\t\t\t\t\t<\/div>\n\t\t\t\t<\/div>\n\t\t\t\t\t<\/div>\n\t\t<\/div>\n\t\t\t\t<div class=\"elementor-column elementor-col-33 elementor-top-column elementor-element elementor-element-1307667 elementor-hidden-mobile\" data-id=\"1307667\" data-element_type=\"column\" data-settings=\"{&quot;background_background&quot;:&quot;classic&quot;}\">\n\t\t\t<div class=\"elementor-widget-wrap elementor-element-populated\">\n\t\t\t\t\t\t<div class=\"elementor-element elementor-element-74a87d8 elementor-widget elementor-widget-spacer\" data-id=\"74a87d8\" data-element_type=\"widget\" data-widget_type=\"spacer.default\">\n\t\t\t\t<div class=\"elementor-widget-container\">\n\t\t\t\t\t\t\t<div class=\"elementor-spacer\">\n\t\t\t<div class=\"elementor-spacer-inner\"><\/div>\n\t\t<\/div>\n\t\t\t\t\t\t<\/div>\n\t\t\t\t<\/div>\n\t\t\t\t\t<\/div>\n\t\t<\/div>\n\t\t\t\t\t<\/div>\n\t\t<\/section>\n\t\t\t\t<section class=\"elementor-section elementor-top-section elementor-element elementor-element-1bc6fcb elementor-section-boxed elementor-section-height-default elementor-section-height-default\" data-id=\"1bc6fcb\" data-element_type=\"section\" data-settings=\"{&quot;jet_parallax_layout_list&quot;:[],&quot;background_background&quot;:&quot;classic&quot;}\">\n\t\t\t\t\t\t<div class=\"elementor-container elementor-column-gap-default\">\n\t\t\t\t\t<div class=\"elementor-column elementor-col-100 elementor-top-column elementor-element elementor-element-def6a7a\" data-id=\"def6a7a\" data-element_type=\"column\">\n\t\t\t<div class=\"elementor-widget-wrap elementor-element-populated\">\n\t\t\t\t\t\t<div class=\"elementor-element elementor-element-8138898 elementor-widget elementor-widget-heading\" data-id=\"8138898\" data-element_type=\"widget\" data-widget_type=\"heading.default\">\n\t\t\t\t<div class=\"elementor-widget-container\">\n\t\t\t\t\t<h1 class=\"elementor-heading-title elementor-size-default\">L\u00e1zaro Rosa-Viol\u00e1n<\/h1>\t\t\t\t<\/div>\n\t\t\t\t<\/div>\n\t\t\t\t<div class=\"elementor-element elementor-element-311fe99 elementor-widget elementor-widget-heading\" data-id=\"311fe99\" data-element_type=\"widget\" data-widget_type=\"heading.default\">\n\t\t\t\t<div class=\"elementor-widget-container\">\n\t\t\t\t\t<h6 class=\"elementor-heading-title elementor-size-default\">Founder &amp; Creative Director at<\/br>\nL\u00e1zaro Rosa Viol\u00e1n Studio\n<\/h6>\t\t\t\t<\/div>\n\t\t\t\t<\/div>\n\t\t\t\t<div class=\"elementor-element elementor-element-282058f elementor-widget elementor-widget-text-editor\" data-id=\"282058f\" data-element_type=\"widget\" data-widget_type=\"text-editor.default\">\n\t\t\t\t<div class=\"elementor-widget-container\">\n\t\t\t\t\t\t\t\t\t<p>Nacido en T\u00e1nger, L\u00e1zaro Rosa-Viol\u00e1n creci\u00f3 entre Bilbao, Madrid y Barcelona, y hoy reparte su<br \/>vida entre estas ciudades y un avi\u00f3n. Aun as\u00ed, se declara barcelon\u00e9s de coraz\u00f3n. Hijo y nieto de<br \/>catalanes, desde muy joven demostr\u00f3 una inquietud creativa que lo llev\u00f3, con tan solo 8 a\u00f1os,<br \/>a asistir como oyente a la Academia de Bellas Artes, compaginando su formaci\u00f3n acad\u00e9mica<br \/>con su pasi\u00f3n por la pintura, disciplina con la que lleg\u00f3 a exponer por primera vez en Bruselas.<\/p><p>Su etapa en Bilbao, lo conect\u00f3 con un entorno donde las casas contaban historias. La<br \/>elegancia, la tradici\u00f3n y cierto aire de teatralidad impregnaban ese estilo de vida, despertando<br \/>en \u00e9l su fascinaci\u00f3n por la est\u00e9tica y el arte de transformar espacios. Esta sensibilidad crecer\u00eda<br \/>a\u00fan m\u00e1s durante sus a\u00f1os en Madrid y Barcelona, donde comenz\u00f3 su acercamiento a la<br \/>arquitectura, una influencia clave en su desarrollo art\u00edstico.<\/p><p>Con 23 a\u00f1os se traslad\u00f3 a Par\u00eds para continuar pintando y ampliar su formaci\u00f3n. All\u00ed compagin\u00f3<br \/>su estancia con veranos en la campi\u00f1a del norte de Inglaterra y en Londres, donde complet\u00f3<br \/>estudios en la Central Saint Martins, una escuela que en aquel momento ofrec\u00eda un enfoque<br \/>art\u00edstico y creativo de la arquitectura y el dise\u00f1o. Fue el primero de su familia en emprender<br \/>una carrera art\u00edstica.<\/p><p>A lo largo de los a\u00f1os, no solo profundiz\u00f3 en su formaci\u00f3n como artista pl\u00e1stico, sino que<br \/>tambi\u00e9n explor\u00f3 otras disciplinas como la arquitectura, el dise\u00f1o gr\u00e1fico, la iluminaci\u00f3n, el<br \/>mobiliario y el arte mural. Su curiosidad y sensibilidad lo impulsaron a observar no solo c\u00f3mo<br \/>se ven los espacios, sino c\u00f3mo se viven. Ese impulso lo condujo de forma natural hacia el<br \/>interiorismo.<\/p><p>Viajero empedernido, amante de la m\u00fasica, los libros antiguos, las telas, los objetos con<br \/>historia y los mercados donde se pierde durante horas, L\u00e1zaro colecciona experiencias que<br \/>transforma en inspiraci\u00f3n. En su tiempo libre disfruta del mar, de pasear con sus perros, de<br \/>cocinar para amigos y de las conversaciones sin prisa. Le fascinan los oficios, la tradici\u00f3n bien<br \/>hecha, lo imperfecto con alma. Se considera m\u00e1s observador que hablador, m\u00e1s intuitivo que<br \/>racional. Se define por su versatilidad, su capacidad de adaptarse a cada contexto; para \u00e9l, el<br \/>verdadero lujo radica en la autenticidad y la belleza inesperada.<\/p><p>Aunque es una figura reconocida en el mundo del dise\u00f1o, su carrera est\u00e1 guiada por el<br \/>instinto, la cultura y la sensibilidad. Pero L\u00e1zaro es mucho m\u00e1s que un interiorista: es un<br \/>narrador visual, un creador de atm\u00f3sferas, capaz de encontrar belleza donde otros no la ven.<\/p>\t\t\t\t\t\t\t\t<\/div>\n\t\t\t\t<\/div>\n\t\t\t\t\t<\/div>\n\t\t<\/div>\n\t\t\t\t\t<\/div>\n\t\t<\/section>\n\t\t\t\t<\/div>\n\t\t","protected":false},"excerpt":{"rendered":"<p>L\u00e1zaro Rosa-Viol\u00e1n Founder &amp; Creative Director at L\u00e1zaro Rosa Viol\u00e1n Studio Nacido en T\u00e1nger, L\u00e1zaro Rosa-Viol\u00e1n creci\u00f3 entre Bilbao, Madrid y Barcelona, y hoy reparte suvida entre estas ciudades y un avi\u00f3n. Aun as\u00ed, se declara barcelon\u00e9s de coraz\u00f3n. Hijo y nieto decatalanes, desde muy joven demostr\u00f3 una inquietud creativa que lo llev\u00f3, con tan [&hellip;]<\/p>\n","protected":false},"author":1,"featured_media":0,"parent":0,"menu_order":0,"comment_status":"closed","ping_status":"closed","template":"elementor_theme","meta":{"site-sidebar-layout":"no-sidebar","site-content-layout":"page-builder","ast-site-content-layout":"default","site-content-style":"default","site-sidebar-style":"default","ast-global-header-display":"","ast-banner-title-visibility":"","ast-main-header-display":"","ast-hfb-above-header-display":"","ast-hfb-below-header-display":"","ast-hfb-mobile-header-display":"","site-post-title":"disabled","ast-breadcrumbs-content":"","ast-featured-img":"disabled","footer-sml-layout":"","theme-transparent-header-meta":"","adv-header-id-meta":"","stick-header-meta":"","header-above-stick-meta":"","header-main-stick-meta":"","header-below-stick-meta":"","astra-migrate-meta-layouts":"default","ast-page-background-enabled":"default","ast-page-background-meta":{"desktop":{"background-color":"var(--ast-global-color-4)","background-image":"","background-repeat":"repeat","background-position":"center center","background-size":"auto","background-attachment":"scroll","background-type":"","background-media":"","overlay-type":"","overlay-color":"","overlay-opacity":"","overlay-gradient":""},"tablet":{"background-color":"","background-image":"","background-repeat":"repeat","background-position":"center center","background-size":"auto","background-attachment":"scroll","background-type":"","background-media":"","overlay-type":"","overlay-color":"","overlay-opacity":"","overlay-gradient":""},"mobile":{"background-color":"","background-image":"","background-repeat":"repeat","background-position":"center center","background-size":"auto","background-attachment":"scroll","background-type":"","background-media":"","overlay-type":"","overlay-color":"","overlay-opacity":"","overlay-gradient":""}},"ast-content-background-meta":{"desktop":{"background-color":"var(--ast-global-color-5)","background-image":"","background-repeat":"repeat","background-position":"center center","background-size":"auto","background-attachment":"scroll","background-type":"","background-media":"","overlay-type":"","overlay-color":"","overlay-opacity":"","overlay-gradient":""},"tablet":{"background-color":"var(--ast-global-color-5)","background-image":"","background-repeat":"repeat","background-position":"center center","background-size":"auto","background-attachment":"scroll","background-type":"","background-media":"","overlay-type":"","overlay-color":"","overlay-opacity":"","overlay-gradient":""},"mobile":{"background-color":"var(--ast-global-color-5)","background-image":"","background-repeat":"repeat","background-position":"center center","background-size":"auto","background-attachment":"scroll","background-type":"","background-media":"","overlay-type":"","overlay-color":"","overlay-opacity":"","overlay-gradient":""}},"footnotes":""},"class_list":["post-3853","page","type-page","status-publish","hentry"],"yoast_head":"<!-- This site is optimized with the Yoast SEO plugin v26.1.1 - https:\/\/yoast.com\/wordpress\/plugins\/seo\/ -->\n<title>bio | L\u00e1zaro Rosa Viol\u00e1n<\/title>\n<meta name=\"robots\" content=\"index, follow, max-snippet:-1, max-image-preview:large, max-video-preview:-1\" \/>\n<link rel=\"canonical\" href=\"https:\/\/lazarorosaviolan.com\/es\/bio\/\" \/>\n<meta property=\"og:locale\" content=\"es_ES\" \/>\n<meta property=\"og:type\" content=\"article\" \/>\n<meta property=\"og:title\" content=\"bio | L\u00e1zaro Rosa Viol\u00e1n\" \/>\n<meta property=\"og:description\" content=\"L\u00e1zaro Rosa-Viol\u00e1n Founder &amp; Creative Director at L\u00e1zaro Rosa Viol\u00e1n Studio Nacido en T\u00e1nger, L\u00e1zaro Rosa-Viol\u00e1n creci\u00f3 entre Bilbao, Madrid y Barcelona, y hoy reparte suvida entre estas ciudades y un avi\u00f3n. Aun as\u00ed, se declara barcelon\u00e9s de coraz\u00f3n. Hijo y nieto decatalanes, desde muy joven demostr\u00f3 una inquietud creativa que lo llev\u00f3, con tan [&hellip;]\" \/>\n<meta property=\"og:url\" content=\"https:\/\/lazarorosaviolan.com\/es\/bio\/\" \/>\n<meta property=\"og:site_name\" content=\"L\u00e1zaro Rosa Viol\u00e1n\" \/>\n<meta property=\"article:publisher\" content=\"https:\/\/www.instagram.com\/lazarorosaviolan\/\" \/>\n<meta property=\"article:modified_time\" content=\"2025-10-01T13:20:53+00:00\" \/>\n<meta property=\"og:image\" content=\"https:\/\/lazarorosaviolan.com\/wp-content\/uploads\/logo-png24.png\" \/>\n\t<meta property=\"og:image:width\" content=\"203\" \/>\n\t<meta property=\"og:image:height\" content=\"76\" \/>\n\t<meta property=\"og:image:type\" content=\"image\/png\" \/>\n<meta name=\"twitter:card\" content=\"summary_large_image\" \/>\n<meta name=\"twitter:label1\" content=\"Tiempo de lectura\" \/>\n\t<meta name=\"twitter:data1\" content=\"2 minutos\" \/>\n<script type=\"application\/ld+json\" class=\"yoast-schema-graph\">{\"@context\":\"https:\/\/schema.org\",\"@graph\":[{\"@type\":\"WebPage\",\"@id\":\"https:\/\/lazarorosaviolan.com\/es\/bio\/\",\"url\":\"https:\/\/lazarorosaviolan.com\/es\/bio\/\",\"name\":\"bio | L\u00e1zaro Rosa Viol\u00e1n\",\"isPartOf\":{\"@id\":\"https:\/\/lazarorosaviolan.com\/es\/#website\"},\"datePublished\":\"2023-01-14T08:56:03+00:00\",\"dateModified\":\"2025-10-01T13:20:53+00:00\",\"breadcrumb\":{\"@id\":\"https:\/\/lazarorosaviolan.com\/es\/bio\/#breadcrumb\"},\"inLanguage\":\"es\",\"potentialAction\":[{\"@type\":\"ReadAction\",\"target\":[\"https:\/\/lazarorosaviolan.com\/es\/bio\/\"]}]},{\"@type\":\"BreadcrumbList\",\"@id\":\"https:\/\/lazarorosaviolan.com\/es\/bio\/#breadcrumb\",\"itemListElement\":[{\"@type\":\"ListItem\",\"position\":1,\"name\":\"Home\",\"item\":\"https:\/\/lazarorosaviolan.com\/es\/\"},{\"@type\":\"ListItem\",\"position\":2,\"name\":\"bio\"}]},{\"@type\":\"WebSite\",\"@id\":\"https:\/\/lazarorosaviolan.com\/es\/#website\",\"url\":\"https:\/\/lazarorosaviolan.com\/es\/\",\"name\":\"lazaro rosa violan | contemporain studio\",\"description\":\"lrv\",\"publisher\":{\"@id\":\"https:\/\/lazarorosaviolan.com\/es\/#organization\"},\"alternateName\":\"lazaro rosa violan\",\"potentialAction\":[{\"@type\":\"SearchAction\",\"target\":{\"@type\":\"EntryPoint\",\"urlTemplate\":\"https:\/\/lazarorosaviolan.com\/es\/?s={search_term_string}\"},\"query-input\":{\"@type\":\"PropertyValueSpecification\",\"valueRequired\":true,\"valueName\":\"search_term_string\"}}],\"inLanguage\":\"es\"},{\"@type\":\"Organization\",\"@id\":\"https:\/\/lazarorosaviolan.com\/es\/#organization\",\"name\":\"L\u00e1zaro Rosa Viol\u00e1n\",\"url\":\"https:\/\/lazarorosaviolan.com\/es\/\",\"logo\":{\"@type\":\"ImageObject\",\"inLanguage\":\"es\",\"@id\":\"https:\/\/lazarorosaviolan.com\/es\/#\/schema\/logo\/image\/\",\"url\":\"https:\/\/lazarorosaviolan.com\/wp-content\/uploads\/logo-png24.png\",\"contentUrl\":\"https:\/\/lazarorosaviolan.com\/wp-content\/uploads\/logo-png24.png\",\"width\":203,\"height\":76,\"caption\":\"L\u00e1zaro Rosa Viol\u00e1n\"},\"image\":{\"@id\":\"https:\/\/lazarorosaviolan.com\/es\/#\/schema\/logo\/image\/\"},\"sameAs\":[\"https:\/\/www.instagram.com\/lazarorosaviolan\/\"]}]}<\/script>\n<!-- \/ Yoast SEO plugin. -->","yoast_head_json":{"title":"bio | L\u00e1zaro Rosa Viol\u00e1n","robots":{"index":"index","follow":"follow","max-snippet":"max-snippet:-1","max-image-preview":"max-image-preview:large","max-video-preview":"max-video-preview:-1"},"canonical":"https:\/\/lazarorosaviolan.com\/es\/bio\/","og_locale":"es_ES","og_type":"article","og_title":"bio | L\u00e1zaro Rosa Viol\u00e1n","og_description":"L\u00e1zaro Rosa-Viol\u00e1n Founder &amp; Creative Director at L\u00e1zaro Rosa Viol\u00e1n Studio Nacido en T\u00e1nger, L\u00e1zaro Rosa-Viol\u00e1n creci\u00f3 entre Bilbao, Madrid y Barcelona, y hoy reparte suvida entre estas ciudades y un avi\u00f3n. Aun as\u00ed, se declara barcelon\u00e9s de coraz\u00f3n. Hijo y nieto decatalanes, desde muy joven demostr\u00f3 una inquietud creativa que lo llev\u00f3, con tan [&hellip;]","og_url":"https:\/\/lazarorosaviolan.com\/es\/bio\/","og_site_name":"L\u00e1zaro Rosa Viol\u00e1n","article_publisher":"https:\/\/www.instagram.com\/lazarorosaviolan\/","article_modified_time":"2025-10-01T13:20:53+00:00","og_image":[{"width":203,"height":76,"url":"https:\/\/lazarorosaviolan.com\/wp-content\/uploads\/logo-png24.png","type":"image\/png"}],"twitter_card":"summary_large_image","twitter_misc":{"Tiempo de lectura":"2 minutos"},"schema":{"@context":"https:\/\/schema.org","@graph":[{"@type":"WebPage","@id":"https:\/\/lazarorosaviolan.com\/es\/bio\/","url":"https:\/\/lazarorosaviolan.com\/es\/bio\/","name":"bio | L\u00e1zaro Rosa Viol\u00e1n","isPartOf":{"@id":"https:\/\/lazarorosaviolan.com\/es\/#website"},"datePublished":"2023-01-14T08:56:03+00:00","dateModified":"2025-10-01T13:20:53+00:00","breadcrumb":{"@id":"https:\/\/lazarorosaviolan.com\/es\/bio\/#breadcrumb"},"inLanguage":"es","potentialAction":[{"@type":"ReadAction","target":["https:\/\/lazarorosaviolan.com\/es\/bio\/"]}]},{"@type":"BreadcrumbList","@id":"https:\/\/lazarorosaviolan.com\/es\/bio\/#breadcrumb","itemListElement":[{"@type":"ListItem","position":1,"name":"Home","item":"https:\/\/lazarorosaviolan.com\/es\/"},{"@type":"ListItem","position":2,"name":"bio"}]},{"@type":"WebSite","@id":"https:\/\/lazarorosaviolan.com\/es\/#website","url":"https:\/\/lazarorosaviolan.com\/es\/","name":"lazaro rosa violan | contemporain studio","description":"lrv","publisher":{"@id":"https:\/\/lazarorosaviolan.com\/es\/#organization"},"alternateName":"lazaro rosa violan","potentialAction":[{"@type":"SearchAction","target":{"@type":"EntryPoint","urlTemplate":"https:\/\/lazarorosaviolan.com\/es\/?s={search_term_string}"},"query-input":{"@type":"PropertyValueSpecification","valueRequired":true,"valueName":"search_term_string"}}],"inLanguage":"es"},{"@type":"Organization","@id":"https:\/\/lazarorosaviolan.com\/es\/#organization","name":"L\u00e1zaro Rosa Viol\u00e1n","url":"https:\/\/lazarorosaviolan.com\/es\/","logo":{"@type":"ImageObject","inLanguage":"es","@id":"https:\/\/lazarorosaviolan.com\/es\/#\/schema\/logo\/image\/","url":"https:\/\/lazarorosaviolan.com\/wp-content\/uploads\/logo-png24.png","contentUrl":"https:\/\/lazarorosaviolan.com\/wp-content\/uploads\/logo-png24.png","width":203,"height":76,"caption":"L\u00e1zaro Rosa Viol\u00e1n"},"image":{"@id":"https:\/\/lazarorosaviolan.com\/es\/#\/schema\/logo\/image\/"},"sameAs":["https:\/\/www.instagram.com\/lazarorosaviolan\/"]}]}},"_links":{"self":[{"href":"https:\/\/lazarorosaviolan.com\/es\/wp-json\/wp\/v2\/pages\/3853","targetHints":{"allow":["GET"]}}],"collection":[{"href":"https:\/\/lazarorosaviolan.com\/es\/wp-json\/wp\/v2\/pages"}],"about":[{"href":"https:\/\/lazarorosaviolan.com\/es\/wp-json\/wp\/v2\/types\/page"}],"author":[{"embeddable":true,"href":"https:\/\/lazarorosaviolan.com\/es\/wp-json\/wp\/v2\/users\/1"}],"replies":[{"embeddable":true,"href":"https:\/\/lazarorosaviolan.com\/es\/wp-json\/wp\/v2\/comments?post=3853"}],"version-history":[{"count":66,"href":"https:\/\/lazarorosaviolan.com\/es\/wp-json\/wp\/v2\/pages\/3853\/revisions"}],"predecessor-version":[{"id":6705,"href":"https:\/\/lazarorosaviolan.com\/es\/wp-json\/wp\/v2\/pages\/3853\/revisions\/6705"}],"wp:attachment":[{"href":"https:\/\/lazarorosaviolan.com\/es\/wp-json\/wp\/v2\/media?parent=3853"}],"curies":[{"name":"wp","href":"https:\/\/api.w.org\/{rel}","templated":true}]}}